{"id":15,"date":"2014-09-07T12:17:54","date_gmt":"2014-09-07T10:17:54","guid":{"rendered":"http:\/\/wordpress.p237402.webspaceconfig.de\/?page_id=15"},"modified":"2021-10-20T17:51:40","modified_gmt":"2021-10-20T15:51:40","slug":"tipps-news","status":"publish","type":"page","link":"https:\/\/www.kleintierpraxis-rahden.de\/index.php\/tipps-news\/","title":{"rendered":"Tipps &#038; News"},"content":{"rendered":"<h3>Liebe Besucher,<\/h3>\n<p>wir hoffen unser Internet-Auftritt gef\u00e4llt Ihnen! Wir haben uns viel M\u00fche gegeben, Ihnen uns und unsere Arbeit ein wenig vorzustellen. Wir freuen uns immer \u00fcber ein Feedback und hoffen auch Sie in unserer Praxis im Herzen Rahdens einmal begr\u00fcssen zu d\u00fcrfen! Hier nun ein paar aktuelle und interessante Neuigkeiten aus der Tier- und Tierarztwelt.<\/p>\n<div class=\"tipps\">\n<h2>Tipps<\/h2>\n<div class=\"tipp\">\n<h3>Sachkundenachweis f\u00fcr Hundehalter<\/h3>\n<p>Bei uns k\u00f6nnen Sie den Sachkundenachweises (SKN) nach Landeshundegesetz &#8211; LHundG NRW ablegen.<br \/>\nDamit das problemlos klappt ein paar n\u00fctzliche Literaturhinweise f\u00fcr Sie:<\/p>\n<ol>\n<li>\n<h4>Sachkunde f\u00fcr Hundehalter<\/h4>\n<p>Vorbereitung auf den D.O.Q.-Test 2.0 und andere Hundef\u00fchrerscheine<br \/>\nISBN 978-3-942335-94-2<\/li>\n<li>\n<h4>Der Hunde-F\u00fchrerschein<\/h4>\n<p>Sachkunde-Basiswissen und Fragenkatalog<br \/>\nISBN 978-3-8001-5952-9<\/li>\n<\/ol>\n<h4>Fragen online \u00fcben<\/h4>\n<p>Alle Frageb\u00f6gen der <strong>Tier\u00e4rztekammer Westfalen-Lippe<\/strong> k\u00f6nnen Sie bei uns kostenlos online \u00fcben. &#8211; <a href=\"https:\/\/www.kleintierpraxis-rahden.de\/1\/index.php\/quiz\/skn\/\" target=\"_blank\" rel=\"noopener noreferrer\">Sachkunde Pr\u00fcfungsfragen<\/a><\/p>\n<\/div>\n<div class=\"tipp\">\n<h3>Vermisst &amp; Gefunden! TASSO e.V<\/h3>\n<p>Seit 30 Jahren bringen wir entlaufene Tiere zu ihrem Besitzer zur\u00fcck. Durch eine vorsorgliche Registrierung bei TASSO legen Sie den Grundstein daf\u00fcr, dass wir Ihr Tier im Verlustfall zu Ihnen zur\u00fcck bringen k\u00f6nnen. Wir hoffen, dass Sie unseren Service nie in Anspruch nehmen m\u00fcssen. Wenn doch, sind wir f\u00fcr Sie da. Rund um die Uhr an 365 Tagen im Jahr. <a href=\"https:\/\/www.tasso.net\/Tierregister\/Tier-gefunden\" target=\"_blank\" rel=\"noopener noreferrer\">Weiter zu Tasso!<\/a><br \/>\nQuelle: Tasso e.V<\/p>\n<\/div>\n<\/div>\n<div class=\"news\">\n<h2>News<\/h2>\n<div class=\"cff-wrapper\"><div class=\"cff-wrapper-ctn \" ><div id=\"cff\"  class=\"cff cff-list-container  cff-default-styles  cff-mob-cols-1 cff-tab-cols-1\"   style=\"width:100%;\"   data-char=\"400\"  data-cff-flags=\"gdpr\" ><div class=\"cff-posts-wrap\"><div id=\"cff_617261404992327_1540825774069664\" class=\"cff-item cff-status-post cff-box author-tierarztpraxis-dr-linda-oelschl-ger\" >\n\t<div class=\"cff-author\">\n\t<div class=\"cff-author-text\">\n\t\t\t\t\t<div class=\"cff-page-name cff-author-date\" >\n\t\t\t\t<a href=\"https:\/\/facebook.com\/617261404992327\" target=\"_blank\" rel=\"nofollow noopener\" >Tierarztpraxis Dr. Linda Oelschl\u00e4ger<\/a>\n\t\t\t\t<span class=\"cff-story\"> <\/span>\n\t\t\t<\/div>\n\t\t\t\n<p class=\"cff-date\" > 30.01.26 07:56 <\/p>\n\t\t\t<\/div>\n\t<div class=\"cff-author-img  cff-no-consent\" data-avatar=\"https:\/\/scontent-fra3-1.xx.fbcdn.net\/v\/t39.30808-1\/305492077_607146924104225_1750608012188936471_n.png?stp=c6.0.180.180a_cp0_dst-png_s50x50&#038;_nc_cat=103&#038;ccb=1-7&#038;_nc_sid=f907e8&#038;_nc_ohc=4tlVdHrppogQ7kNvwHSPI0E&#038;_nc_oc=Adp8mlUyBzTNhxFM8GrcBh1F-m2F6o85nXmRyE60QXw6WOiWPU9yFR4xUyJtrKmdWiI&#038;_nc_zt=24&#038;_nc_ht=scontent-fra3-1.xx&#038;edm=AKIiGfEEAAAA&#038;_nc_gid=sDVehnhWq9nB0f1x_gGYRQ&#038;_nc_tpa=Q5bMBQHP9LuEAXPryeHBcN0ow5Z9OYvCy0Jmd236ZmPlWwCD-t1q1DolSHuiSVlbmH9j9L_FyZ6u8yhWKw&#038;oh=00_Af3thmzHY7AVeDWqas1-QiwpJRtN33pGhsXU4BVOYZBMsg&#038;oe=69F5EF7C\">\n\t\t<a href=\"https:\/\/facebook.com\/617261404992327\" target=\"_blank\" rel=\"nofollow noopener\" ><img decoding=\"async\" src=\"https:\/\/www.kleintierpraxis-rahden.de\/wp-content\/plugins\/custom-facebook-feed\/\/assets\/img\/placeholder.png\" title=\"Tierarztpraxis Dr. Linda Oelschl\u00e4ger\" alt=\"Tierarztpraxis Dr. Linda Oelschl\u00e4ger\" width=40 height=40 onerror=\"this.style.display='none'\"><\/a>\n\t<\/div>\n<\/div>\n\n<div class=\"cff-post-text\" >\n\t<span class=\"cff-text\" data-color=\"\">\n\t\t# Problem behoben #<img class=\"cff-linebreak\" \/>Danke f\u00fcr Eure zahlreichen R\u00fcckmeldungen bzgl. der online-Terminvergabe... Das Problem ist behoben und Ihr k\u00f6nnt jetzt selbstverst\u00e4ndlich auch AU\u00dfERHALB unserer \u00d6ffnungszeiten einen Termin online vereinbaren \ud83d\udc4d\ud83c\udffb\t\t\t<\/span>\n\t<span class=\"cff-expand\">... <a href=\"#\" style=\"color: #\"><span class=\"cff-more\">Mehr zeigen<\/span><span class=\"cff-less\">Weniger zeigen<\/span><\/a><\/span>\n\n<\/div>\n\n\t<div class=\"cff-post-links\">\n\t\t\t\t\t<a class=\"cff-viewpost-facebook\" href=\"https:\/\/www.facebook.com\/617261404992327\/posts\/1540825774069664\" title=\"Auf Facebook anschauen\" target=\"_blank\" rel=\"nofollow noopener\" >Auf Facebook anschauen<\/a>\n\t\t\t\t\t\t\t<div class=\"cff-share-container\">\n\t\t\t\t\t\t\t\t\t<span class=\"cff-dot\" >&middot;<\/span>\n\t\t\t\t\t\t\t\t<a class=\"cff-share-link\" href=\"https:\/\/www.facebook.com\/sharer\/sharer.php?u=https%3A%2F%2Fwww.facebook.com%2F617261404992327%2Fposts%2F1540825774069664\" title=\"Teilen\" >Teilen<\/a>\n\t\t\t\t<p class=\"cff-share-tooltip\">\n\t\t\t\t\t\t\t\t\t\t\t<a href=\"https:\/\/www.facebook.com\/sharer\/sharer.php?u=https%3A%2F%2Fwww.facebook.com%2F617261404992327%2Fposts%2F1540825774069664\" target=\"_blank\" rel=\"noopener noreferrer\" class=\"cff-facebook-icon\">\n\t\t\t\t\t\t\t<span class=\"fa fab fa-facebook-square\" aria-hidden=\"true\"><\/span>\n\t\t\t\t\t\t\t<span class=\"cff-screenreader\">Auf Facebook teilen<\/span>\n\t\t\t\t\t\t<\/a>\n\t\t\t\t\t\t\t\t\t\t\t<a href=\"https:\/\/twitter.com\/intent\/tweet?text=https%3A%2F%2Fwww.facebook.com%2F617261404992327%2Fposts%2F1540825774069664\" target=\"_blank\" rel=\"noopener noreferrer\" class=\"cff-twitter-icon\">\n\t\t\t\t\t\t\t<span class=\"fa fab fa-twitter\" aria-hidden=\"true\"><\/span>\n\t\t\t\t\t\t\t<span class=\"cff-screenreader\">Auf Twitter teilen<\/span>\n\t\t\t\t\t\t<\/a>\n\t\t\t\t\t\t\t\t\t\t\t<a href=\"https:\/\/www.linkedin.com\/shareArticle?mini=true&#038;url=https%3A%2F%2Fwww.facebook.com%2F617261404992327%2Fposts%2F1540825774069664&#038;title=%09%09%09%23%20Problem%20behoben%20%23Danke%20f%C3%BCr%20Eure%20zahlreichen%20R%C3%BCckmeldungen%20bzgl.%20der%20online-Terminvergabe...%20Das%20Problem%20ist%20behoben%20und%20Ihr%20k%C3%B6nnt%20jetzt%20selbstverst%C3%A4ndlich%20auch%20AU%C3%9FERHALB%20unserer%20%C3%96ffnungszeiten%20einen%20Termin%20online%20vereinbaren%20%F0%9F%91%8D%F0%9F%8F%BB%09%09%09%09\" target=\"_blank\" rel=\"noopener noreferrer\" class=\"cff-linkedin-icon\">\n\t\t\t\t\t\t\t<span class=\"fa fab fa-linkedin\" aria-hidden=\"true\"><\/span>\n\t\t\t\t\t\t\t<span class=\"cff-screenreader\">Auf LinkedIn teilen<\/span>\n\t\t\t\t\t\t<\/a>\n\t\t\t\t\t\t\t\t\t\t\t<a href=\"mailto:?subject=Facebook&#038;body=https%3A%2F%2Fwww.facebook.com%2F617261404992327%2Fposts%2F1540825774069664%20-%20%0A%0A%09%0A%09%09%23%20Problem%20behoben%20%23Danke%20f%C3%BCr%20Eure%20zahlreichen%20R%C3%BCckmeldungen%20bzgl.%20der%20online-Terminvergabe...%20Das%20Problem%20ist%20behoben%20und%20Ihr%20k%C3%B6nnt%20jetzt%20selbstverst%C3%A4ndlich%20auch%20AU%C3%9FERHALB%20unserer%20%C3%96ffnungszeiten%20einen%20Termin%20online%20vereinbaren%20%F0%9F%91%8D%F0%9F%8F%BB%09%09%09%0A%09\" target=\"_blank\" rel=\"noopener noreferrer\" class=\"cff-email-icon\">\n\t\t\t\t\t\t\t<span class=\"fa fab fa-envelope\" aria-hidden=\"true\"><\/span>\n\t\t\t\t\t\t\t<span class=\"cff-screenreader\">Per E-Mail teilen<\/span>\n\t\t\t\t\t\t<\/a>\n\t\t\t\t\t\t\t\t\t<\/p>\n\t\t\t<\/div>\n\t\t\t<\/div>\n\t<\/div>\n\n\n\n<div id=\"cff_617261404992327_1540027577482817\" class=\"cff-item cff-status-post cff-album cff-box author-tierarztpraxis-dr-linda-oelschl-ger\" >\n\t<div class=\"cff-author\">\n\t<div class=\"cff-author-text\">\n\t\t\t\t\t<div class=\"cff-page-name cff-author-date\" >\n\t\t\t\t<a href=\"https:\/\/facebook.com\/617261404992327\" target=\"_blank\" rel=\"nofollow noopener\" >Tierarztpraxis Dr. Linda Oelschl\u00e4ger<\/a>\n\t\t\t\t<span class=\"cff-story\"> <\/span>\n\t\t\t<\/div>\n\t\t\t\n<p class=\"cff-date\" > 29.01.26 10:32 <\/p>\n\t\t\t<\/div>\n\t<div class=\"cff-author-img  cff-no-consent\" data-avatar=\"https:\/\/scontent-fra3-1.xx.fbcdn.net\/v\/t39.30808-1\/305492077_607146924104225_1750608012188936471_n.png?stp=c6.0.180.180a_cp0_dst-png_s50x50&#038;_nc_cat=103&#038;ccb=1-7&#038;_nc_sid=f907e8&#038;_nc_ohc=4tlVdHrppogQ7kNvwHSPI0E&#038;_nc_oc=Adp8mlUyBzTNhxFM8GrcBh1F-m2F6o85nXmRyE60QXw6WOiWPU9yFR4xUyJtrKmdWiI&#038;_nc_zt=24&#038;_nc_ht=scontent-fra3-1.xx&#038;edm=AKIiGfEEAAAA&#038;_nc_gid=sDVehnhWq9nB0f1x_gGYRQ&#038;_nc_tpa=Q5bMBQHP9LuEAXPryeHBcN0ow5Z9OYvCy0Jmd236ZmPlWwCD-t1q1DolSHuiSVlbmH9j9L_FyZ6u8yhWKw&#038;oh=00_Af3thmzHY7AVeDWqas1-QiwpJRtN33pGhsXU4BVOYZBMsg&#038;oe=69F5EF7C\">\n\t\t<a href=\"https:\/\/facebook.com\/617261404992327\" target=\"_blank\" rel=\"nofollow noopener\" ><img decoding=\"async\" src=\"https:\/\/www.kleintierpraxis-rahden.de\/wp-content\/plugins\/custom-facebook-feed\/\/assets\/img\/placeholder.png\" title=\"Tierarztpraxis Dr. Linda Oelschl\u00e4ger\" alt=\"Tierarztpraxis Dr. Linda Oelschl\u00e4ger\" width=40 height=40 onerror=\"this.style.display='none'\"><\/a>\n\t<\/div>\n<\/div>\n\n<div class=\"cff-post-text\" >\n\t<span class=\"cff-text\" data-color=\"\">\n\t\t# news news news #<img class=\"cff-linebreak\" \/>Und noch ein paar Neuerungen f\u00fcr mehr Komfort und Kundenfreundlichkeit \ud83d\udc36\ud83d\udc31\ud83d\udc2d...<img class=\"cff-linebreak\" \/><img class=\"cff-linebreak\" \/>Vielleicht habt Ihr es schon gesehen???<img class=\"cff-linebreak\" \/><img class=\"cff-linebreak\" \/>Unsere HOMEPAGE ist wieder auf dem aktuellen Stand und mit super sch\u00f6nen Fotos von Michaela vom <a href=\"https:\/\/facebook.com\/33716371071311232\">Kreativstudio Stegkemper<\/a> aufgepimpt worden (vielen Dank daf\u00fcr \ud83e\udd29)!!!<img class=\"cff-linebreak\" \/><img class=\"cff-linebreak\" \/>Wir bieten Euch jetzt zus\u00e4tzlich auch die M\u00f6glichkeit der ONLINE-TERMINBUCHUNG an - bequem vom Sofa aus, auch au\u00dferhalb unserer \u00d6ffnungszeiten \ud83d\udc4d\ud83c\udffb (Ihr d\u00fcrft nat\u00fcrlich gerne auch weiterhin telefonisch anrufen!) <img class=\"cff-linebreak\" \/><img class=\"cff-linebreak\" \/>Apropos \u00d6FFNUNGSZEITEN, die haben wir auch verl\u00e4ngert, um uns auch in Zukunft die Zeit f\u00fcr Euch nehmen zu k\u00f6nnen, die wir f\u00fcr eine fundierte Behandlung, Beratung oder Kontrolluntersuchung ben\u00f6tigen.<img class=\"cff-linebreak\" \/>Also - mit Schwung in neue Abenteuer und immer gesund bleiben \ud83d\ude09\t\t\t<\/span>\n\t<span class=\"cff-expand\">... <a href=\"#\" style=\"color: #\"><span class=\"cff-more\">Mehr zeigen<\/span><span class=\"cff-less\">Weniger zeigen<\/span><\/a><\/span>\n\n<\/div>\n\n\t<div class=\"cff-post-links\">\n\t\t\t\t\t<a class=\"cff-viewpost-facebook\" href=\"https:\/\/www.facebook.com\/758287515656831\/posts\/1540027577482817\" title=\"Auf Facebook anschauen\" target=\"_blank\" rel=\"nofollow noopener\" >Auf Facebook anschauen<\/a>\n\t\t\t\t\t\t\t<div class=\"cff-share-container\">\n\t\t\t\t\t\t\t\t\t<span class=\"cff-dot\" >&middot;<\/span>\n\t\t\t\t\t\t\t\t<a class=\"cff-share-link\" href=\"https:\/\/www.facebook.com\/sharer\/sharer.php?u=https%3A%2F%2Fwww.facebook.com%2F758287515656831%2Fposts%2F1540027577482817\" title=\"Teilen\" >Teilen<\/a>\n\t\t\t\t<p class=\"cff-share-tooltip\">\n\t\t\t\t\t\t\t\t\t\t\t<a href=\"https:\/\/www.facebook.com\/sharer\/sharer.php?u=https%3A%2F%2Fwww.facebook.com%2F758287515656831%2Fposts%2F1540027577482817\" target=\"_blank\" rel=\"noopener noreferrer\" class=\"cff-facebook-icon\">\n\t\t\t\t\t\t\t<span class=\"fa fab fa-facebook-square\" aria-hidden=\"true\"><\/span>\n\t\t\t\t\t\t\t<span class=\"cff-screenreader\">Auf Facebook teilen<\/span>\n\t\t\t\t\t\t<\/a>\n\t\t\t\t\t\t\t\t\t\t\t<a href=\"https:\/\/twitter.com\/intent\/tweet?text=https%3A%2F%2Fwww.facebook.com%2F758287515656831%2Fposts%2F1540027577482817\" target=\"_blank\" rel=\"noopener noreferrer\" class=\"cff-twitter-icon\">\n\t\t\t\t\t\t\t<span class=\"fa fab fa-twitter\" aria-hidden=\"true\"><\/span>\n\t\t\t\t\t\t\t<span class=\"cff-screenreader\">Auf Twitter teilen<\/span>\n\t\t\t\t\t\t<\/a>\n\t\t\t\t\t\t\t\t\t\t\t<a href=\"https:\/\/www.linkedin.com\/shareArticle?mini=true&#038;url=https%3A%2F%2Fwww.facebook.com%2F758287515656831%2Fposts%2F1540027577482817&#038;title=%09%09%09%23%20news%20news%20news%20%23Und%20noch%20ein%20paar%20Neuerungen%20f%C3%BCr%20mehr%20Komfort%20und%20Kundenfreundlichkeit%20%F0%9F%90%B6%F0%9F%90%B1%F0%9F%90%AD...Vielleicht%20habt%20Ihr%20es%20schon%20gesehen%3F%3F%3FUnsere%20HOMEPAGE%20ist%20wieder%20auf%20dem%20aktuellen%20Stand%20und%20mit%20super%20sch%C3%B6nen%20Fotos%20von%20Michaela%20vom%20Kreativstudio%20Stegkemper%20aufgepimpt%20worden%20%28vielen%20Dank%20daf%C3%BCr%20%F0%9F%A4%A9%29%21%21%21Wir%20bieten%20Euch%20jetzt%20zus%C3%A4tzlich%20auch%20die%20M%C3%B6glichkeit%20der%20ONLINE-TERMINBUCHUNG%20an%20-%20bequem%20vom%20Sofa%20aus%2C%20auch%20au%C3%9Ferhalb%20unserer%20%C3%96ffnungszeiten%20%F0%9F%91%8D%F0%9F%8F%BB%20%28Ihr%20d%C3%BCrft%20nat%C3%BCrlich%20gerne%20auch%20weiterhin%20telefonisch%20anrufen%21%29%20Apropos%20%C3%96FFNUNGSZEITEN%2C%20die%20haben%20wir%20auch%20verl%C3%A4ngert%2C%20um%20uns%20auch%20in%20Zukunft%20die%20Zeit%20f%C3%BCr%20Euch%20nehmen%20zu%20k%C3%B6nnen%2C%20die%20wir%20f%C3%BCr%20eine%20fundierte%20Behandlung%2C%20Beratung%20oder%20Kontrolluntersuchung%20ben%C3%B6tigen.Also%20-%20mit%20Schwung%20in%20neue%20Abenteuer%20und%20immer%20gesund%20bleiben%20%F0%9F%98%89%09%09%09%09\" target=\"_blank\" rel=\"noopener noreferrer\" class=\"cff-linkedin-icon\">\n\t\t\t\t\t\t\t<span class=\"fa fab fa-linkedin\" aria-hidden=\"true\"><\/span>\n\t\t\t\t\t\t\t<span class=\"cff-screenreader\">Auf LinkedIn teilen<\/span>\n\t\t\t\t\t\t<\/a>\n\t\t\t\t\t\t\t\t\t\t\t<a href=\"mailto:?subject=Facebook&#038;body=https%3A%2F%2Fwww.facebook.com%2F758287515656831%2Fposts%2F1540027577482817%20-%20%0A%0A%09%0A%09%09%23%20news%20news%20news%20%23Und%20noch%20ein%20paar%20Neuerungen%20f%C3%BCr%20mehr%20Komfort%20und%20Kundenfreundlichkeit%20%F0%9F%90%B6%F0%9F%90%B1%F0%9F%90%AD...Vielleicht%20habt%20Ihr%20es%20schon%20gesehen%3F%3F%3FUnsere%20HOMEPAGE%20ist%20wieder%20auf%20dem%20aktuellen%20Stand%20und%20mit%20super%20sch%C3%B6nen%20Fotos%20von%20Michaela%20vom%20Kreativstudio%20Stegkemper%20aufgepimpt%20worden%20%28vielen%20Dank%20daf%C3%BCr%20%F0%9F%A4%A9%29%21%21%21Wir%20bieten%20Euch%20jetzt%20zus%C3%A4tzlich%20auch%20die%20M%C3%B6glichkeit%20der%20ONLINE-TERMINBUCHUNG%20an%20-%20bequem%20vom%20Sofa%20aus%2C%20auch%20au%C3%9Ferhalb%20unserer%20%C3%96ffnungszeiten%20%F0%9F%91%8D%F0%9F%8F%BB%20%28Ihr%20d%C3%BCrft%20nat%C3%BCrlich%20gerne%20auch%20weiterhin%20telefonisch%20anrufen%21%29%20Apropos%20%C3%96FFNUNGSZEITEN%2C%20die%20haben%20wir%20auch%20verl%C3%A4ngert%2C%20um%20uns%20auch%20in%20Zukunft%20die%20Zeit%20f%C3%BCr%20Euch%20nehmen%20zu%20k%C3%B6nnen%2C%20die%20wir%20f%C3%BCr%20eine%20fundierte%20Behandlung%2C%20Beratung%20oder%20Kontrolluntersuchung%20ben%C3%B6tigen.Also%20-%20mit%20Schwung%20in%20neue%20Abenteuer%20und%20immer%20gesund%20bleiben%20%F0%9F%98%89%09%09%09%0A%09\" target=\"_blank\" rel=\"noopener noreferrer\" class=\"cff-email-icon\">\n\t\t\t\t\t\t\t<span class=\"fa fab fa-envelope\" aria-hidden=\"true\"><\/span>\n\t\t\t\t\t\t\t<span class=\"cff-screenreader\">Per E-Mail teilen<\/span>\n\t\t\t\t\t\t<\/a>\n\t\t\t\t\t\t\t\t\t<\/p>\n\t\t\t<\/div>\n\t\t\t<\/div>\n\t<\/div>\n\n\n\n<div id=\"cff_617261404992327_1540015387484036\" class=\"cff-item cff-photo-post cff-box author-tierarztpraxis-dr-linda-oelschl-ger\" >\n\t<div class=\"cff-author\">\n\t<div class=\"cff-author-text\">\n\t\t\t\t\t<div class=\"cff-page-name cff-author-date\" >\n\t\t\t\t<a href=\"https:\/\/facebook.com\/617261404992327\" target=\"_blank\" rel=\"nofollow noopener\" >Tierarztpraxis Dr. Linda Oelschl\u00e4ger<\/a>\n\t\t\t\t<span class=\"cff-story\"> <\/span>\n\t\t\t<\/div>\n\t\t\t\n<p class=\"cff-date\" > 29.01.26 10:11 <\/p>\n\t\t\t<\/div>\n\t<div class=\"cff-author-img  cff-no-consent\" data-avatar=\"https:\/\/scontent-fra3-1.xx.fbcdn.net\/v\/t39.30808-1\/305492077_607146924104225_1750608012188936471_n.png?stp=c6.0.180.180a_cp0_dst-png_s50x50&#038;_nc_cat=103&#038;ccb=1-7&#038;_nc_sid=f907e8&#038;_nc_ohc=4tlVdHrppogQ7kNvwHSPI0E&#038;_nc_oc=Adp8mlUyBzTNhxFM8GrcBh1F-m2F6o85nXmRyE60QXw6WOiWPU9yFR4xUyJtrKmdWiI&#038;_nc_zt=24&#038;_nc_ht=scontent-fra3-1.xx&#038;edm=AKIiGfEEAAAA&#038;_nc_gid=sDVehnhWq9nB0f1x_gGYRQ&#038;_nc_tpa=Q5bMBQHP9LuEAXPryeHBcN0ow5Z9OYvCy0Jmd236ZmPlWwCD-t1q1DolSHuiSVlbmH9j9L_FyZ6u8yhWKw&#038;oh=00_Af3thmzHY7AVeDWqas1-QiwpJRtN33pGhsXU4BVOYZBMsg&#038;oe=69F5EF7C\">\n\t\t<a href=\"https:\/\/facebook.com\/617261404992327\" target=\"_blank\" rel=\"nofollow noopener\" ><img decoding=\"async\" src=\"https:\/\/www.kleintierpraxis-rahden.de\/wp-content\/plugins\/custom-facebook-feed\/\/assets\/img\/placeholder.png\" title=\"Tierarztpraxis Dr. Linda Oelschl\u00e4ger\" alt=\"Tierarztpraxis Dr. Linda Oelschl\u00e4ger\" width=40 height=40 onerror=\"this.style.display='none'\"><\/a>\n\t<\/div>\n<\/div>\n\n<div class=\"cff-post-text\" >\n\t<span class=\"cff-text\" data-color=\"\">\n\t\t# petsXL #<img class=\"cff-linebreak\" \/>Ja, wir haben ganz aktuell von der Praxis erste Einladungen f\u00fcr die App petsXL verschickt... wir wollen ab diesem Jahr &quot;digitaler&quot; werden und bieten Euch diese M\u00f6glichkeit an, um eine digitale Krankenakte von Euern Samtpf\u00f6tchen und Fellnasen zu erstellen.\t\t\t<\/span>\n\t<span class=\"cff-expand\">... <a href=\"#\" style=\"color: #\"><span class=\"cff-more\">Mehr zeigen<\/span><span class=\"cff-less\">Weniger zeigen<\/span><\/a><\/span>\n\n<\/div>\n\n\t<div class=\"cff-post-links\">\n\t\t\t\t\t<a class=\"cff-viewpost-facebook\" href=\"https:\/\/www.facebook.com\/photo.php?fbid=1540041767481398&#038;set=a.607146900770894&#038;type=3\" title=\"Auf Facebook anschauen\" target=\"_blank\" rel=\"nofollow noopener\" >Auf Facebook anschauen<\/a>\n\t\t\t\t\t\t\t<div class=\"cff-share-container\">\n\t\t\t\t\t\t\t\t\t<span class=\"cff-dot\" >&middot;<\/span>\n\t\t\t\t\t\t\t\t<a class=\"cff-share-link\" href=\"https:\/\/www.facebook.com\/sharer\/sharer.php?u=https%3A%2F%2Fwww.facebook.com%2Fphoto.php%3Ffbid%3D1540041767481398%26amp%3Bset%3Da.607146900770894%26amp%3Btype%3D3\" title=\"Teilen\" >Teilen<\/a>\n\t\t\t\t<p class=\"cff-share-tooltip\">\n\t\t\t\t\t\t\t\t\t\t\t<a href=\"https:\/\/www.facebook.com\/sharer\/sharer.php?u=https%3A%2F%2Fwww.facebook.com%2Fphoto.php%3Ffbid%3D1540041767481398%26amp%3Bset%3Da.607146900770894%26amp%3Btype%3D3\" target=\"_blank\" rel=\"noopener noreferrer\" class=\"cff-facebook-icon\">\n\t\t\t\t\t\t\t<span class=\"fa fab fa-facebook-square\" aria-hidden=\"true\"><\/span>\n\t\t\t\t\t\t\t<span class=\"cff-screenreader\">Auf Facebook teilen<\/span>\n\t\t\t\t\t\t<\/a>\n\t\t\t\t\t\t\t\t\t\t\t<a href=\"https:\/\/twitter.com\/intent\/tweet?text=https%3A%2F%2Fwww.facebook.com%2Fphoto.php%3Ffbid%3D1540041767481398%26amp%3Bset%3Da.607146900770894%26amp%3Btype%3D3\" target=\"_blank\" rel=\"noopener noreferrer\" class=\"cff-twitter-icon\">\n\t\t\t\t\t\t\t<span class=\"fa fab fa-twitter\" aria-hidden=\"true\"><\/span>\n\t\t\t\t\t\t\t<span class=\"cff-screenreader\">Auf Twitter teilen<\/span>\n\t\t\t\t\t\t<\/a>\n\t\t\t\t\t\t\t\t\t\t\t<a href=\"https:\/\/www.linkedin.com\/shareArticle?mini=true&#038;url=https%3A%2F%2Fwww.facebook.com%2Fphoto.php%3Ffbid%3D1540041767481398%26amp%3Bset%3Da.607146900770894%26amp%3Btype%3D3&#038;title=%09%09%09%23%20petsXL%20%23Ja%2C%20wir%20haben%20ganz%20aktuell%20von%20der%20Praxis%20erste%20Einladungen%20f%C3%BCr%20die%20App%20petsXL%20verschickt...%20wir%20wollen%20ab%20diesem%20Jahr%20%26quot%3Bdigitaler%26quot%3B%20werden%20und%20bieten%20Euch%20diese%20M%C3%B6glichkeit%20an%2C%20um%20eine%20digitale%20Krankenakte%20von%20Euern%20Samtpf%C3%B6tchen%20und%20Fellnasen%20zu%20erstellen.%09%09%09%09\" target=\"_blank\" rel=\"noopener noreferrer\" class=\"cff-linkedin-icon\">\n\t\t\t\t\t\t\t<span class=\"fa fab fa-linkedin\" aria-hidden=\"true\"><\/span>\n\t\t\t\t\t\t\t<span class=\"cff-screenreader\">Auf LinkedIn teilen<\/span>\n\t\t\t\t\t\t<\/a>\n\t\t\t\t\t\t\t\t\t\t\t<a href=\"mailto:?subject=Facebook&#038;body=https%3A%2F%2Fwww.facebook.com%2Fphoto.php%3Ffbid%3D1540041767481398%26amp%3Bset%3Da.607146900770894%26amp%3Btype%3D3%20-%20%0A%0A%09%0A%09%09%23%20petsXL%20%23Ja%2C%20wir%20haben%20ganz%20aktuell%20von%20der%20Praxis%20erste%20Einladungen%20f%C3%BCr%20die%20App%20petsXL%20verschickt...%20wir%20wollen%20ab%20diesem%20Jahr%20%26quot%3Bdigitaler%26quot%3B%20werden%20und%20bieten%20Euch%20diese%20M%C3%B6glichkeit%20an%2C%20um%20eine%20digitale%20Krankenakte%20von%20Euern%20Samtpf%C3%B6tchen%20und%20Fellnasen%20zu%20erstellen.%09%09%09%0A%09\" target=\"_blank\" rel=\"noopener noreferrer\" class=\"cff-email-icon\">\n\t\t\t\t\t\t\t<span class=\"fa fab fa-envelope\" aria-hidden=\"true\"><\/span>\n\t\t\t\t\t\t\t<span class=\"cff-screenreader\">Per E-Mail teilen<\/span>\n\t\t\t\t\t\t<\/a>\n\t\t\t\t\t\t\t\t\t<\/p>\n\t\t\t<\/div>\n\t\t\t<\/div>\n\t<\/div>\n\n\n\n<div id=\"cff_617261404992327_1510658003753108\" class=\"cff-item cff-photo-post cff-box author-tierarztpraxis-dr-linda-oelschl-ger\" >\n\t<div class=\"cff-author\">\n\t<div class=\"cff-author-text\">\n\t\t\t\t\t<div class=\"cff-page-name cff-author-date\" >\n\t\t\t\t<a href=\"https:\/\/facebook.com\/617261404992327\" target=\"_blank\" rel=\"nofollow noopener\" >Tierarztpraxis Dr. Linda Oelschl\u00e4ger<\/a>\n\t\t\t\t<span class=\"cff-story\"> <\/span>\n\t\t\t<\/div>\n\t\t\t\n<p class=\"cff-date\" > 25.12.25 10:22 <\/p>\n\t\t\t<\/div>\n\t<div class=\"cff-author-img  cff-no-consent\" data-avatar=\"https:\/\/scontent-fra3-1.xx.fbcdn.net\/v\/t39.30808-1\/305492077_607146924104225_1750608012188936471_n.png?stp=c6.0.180.180a_cp0_dst-png_s50x50&#038;_nc_cat=103&#038;ccb=1-7&#038;_nc_sid=f907e8&#038;_nc_ohc=4tlVdHrppogQ7kNvwHSPI0E&#038;_nc_oc=Adp8mlUyBzTNhxFM8GrcBh1F-m2F6o85nXmRyE60QXw6WOiWPU9yFR4xUyJtrKmdWiI&#038;_nc_zt=24&#038;_nc_ht=scontent-fra3-1.xx&#038;edm=AKIiGfEEAAAA&#038;_nc_gid=sDVehnhWq9nB0f1x_gGYRQ&#038;_nc_tpa=Q5bMBQHP9LuEAXPryeHBcN0ow5Z9OYvCy0Jmd236ZmPlWwCD-t1q1DolSHuiSVlbmH9j9L_FyZ6u8yhWKw&#038;oh=00_Af3thmzHY7AVeDWqas1-QiwpJRtN33pGhsXU4BVOYZBMsg&#038;oe=69F5EF7C\">\n\t\t<a href=\"https:\/\/facebook.com\/617261404992327\" target=\"_blank\" rel=\"nofollow noopener\" ><img decoding=\"async\" src=\"https:\/\/www.kleintierpraxis-rahden.de\/wp-content\/plugins\/custom-facebook-feed\/\/assets\/img\/placeholder.png\" title=\"Tierarztpraxis Dr. Linda Oelschl\u00e4ger\" alt=\"Tierarztpraxis Dr. Linda Oelschl\u00e4ger\" width=40 height=40 onerror=\"this.style.display='none'\"><\/a>\n\t<\/div>\n<\/div>\n\n<div class=\"cff-post-text\" >\n\t<span class=\"cff-text\" data-color=\"\">\n\t\t# FROHE WEIHNACHTEN #<img class=\"cff-linebreak\" \/>Wir w\u00fcnschen Euch von Herzen wundersch\u00f6ne Weihnachtsfeiertage und ein gl\u00fcckliches und gesundes neues Jahr, mit viel Zeit f\u00fcr die sch\u00f6nen Dinge des Lebens!<img class=\"cff-linebreak\" \/><img class=\"cff-linebreak\" \/>DANKE f\u00fcr die Bereicherung, die Ihr mit Euern 4-beinigen Freunden und Weggef\u00e4hrten \ud83d\udc36\ud83d\udc31\ud83d\udc2d jeden Tag zu uns in die Praxis bringt - f\u00fcr jedes Problem, das wir gemeinsam angehen, f\u00fcr jedes nette gesprochene und geschriebene Wort!<img class=\"cff-linebreak\" \/>Wir sind gespannt und freuen uns auf Alles, was das neue Jahr 2026 f\u00fcr uns bereith\u00e4lt...<img class=\"cff-linebreak\" \/><img class=\"cff-linebreak\" \/>Um im Neuen Jahr wieder mit &quot;vollen Akkus&quot; durchstarten zu k\u00f6nnen, sind wir bis zum 02.01. in den Ferien und ab dem 05.01. wieder f\u00fcr Euch und Eure Fellnasen im Einsatz \ud83c\udf40<img class=\"cff-linebreak\" \/>Das Team der Kleintierpraxis Rahden\t\t\t<\/span>\n\t<span class=\"cff-expand\">... <a href=\"#\" style=\"color: #\"><span class=\"cff-more\">Mehr zeigen<\/span><span class=\"cff-less\">Weniger zeigen<\/span><\/a><\/span>\n\n<\/div>\n\n\t<div class=\"cff-post-links\">\n\t\t\t\t\t<a class=\"cff-viewpost-facebook\" href=\"https:\/\/www.facebook.com\/photo.php?fbid=1510657963753112&#038;set=a.607146900770894&#038;type=3\" title=\"Auf Facebook anschauen\" target=\"_blank\" rel=\"nofollow noopener\" >Auf Facebook anschauen<\/a>\n\t\t\t\t\t\t\t<div class=\"cff-share-container\">\n\t\t\t\t\t\t\t\t\t<span class=\"cff-dot\" >&middot;<\/span>\n\t\t\t\t\t\t\t\t<a class=\"cff-share-link\" href=\"https:\/\/www.facebook.com\/sharer\/sharer.php?u=https%3A%2F%2Fwww.facebook.com%2Fphoto.php%3Ffbid%3D1510657963753112%26amp%3Bset%3Da.607146900770894%26amp%3Btype%3D3\" title=\"Teilen\" >Teilen<\/a>\n\t\t\t\t<p class=\"cff-share-tooltip\">\n\t\t\t\t\t\t\t\t\t\t\t<a href=\"https:\/\/www.facebook.com\/sharer\/sharer.php?u=https%3A%2F%2Fwww.facebook.com%2Fphoto.php%3Ffbid%3D1510657963753112%26amp%3Bset%3Da.607146900770894%26amp%3Btype%3D3\" target=\"_blank\" rel=\"noopener noreferrer\" class=\"cff-facebook-icon\">\n\t\t\t\t\t\t\t<span class=\"fa fab fa-facebook-square\" aria-hidden=\"true\"><\/span>\n\t\t\t\t\t\t\t<span class=\"cff-screenreader\">Auf Facebook teilen<\/span>\n\t\t\t\t\t\t<\/a>\n\t\t\t\t\t\t\t\t\t\t\t<a href=\"https:\/\/twitter.com\/intent\/tweet?text=https%3A%2F%2Fwww.facebook.com%2Fphoto.php%3Ffbid%3D1510657963753112%26amp%3Bset%3Da.607146900770894%26amp%3Btype%3D3\" target=\"_blank\" rel=\"noopener noreferrer\" class=\"cff-twitter-icon\">\n\t\t\t\t\t\t\t<span class=\"fa fab fa-twitter\" aria-hidden=\"true\"><\/span>\n\t\t\t\t\t\t\t<span class=\"cff-screenreader\">Auf Twitter teilen<\/span>\n\t\t\t\t\t\t<\/a>\n\t\t\t\t\t\t\t\t\t\t\t<a href=\"https:\/\/www.linkedin.com\/shareArticle?mini=true&#038;url=https%3A%2F%2Fwww.facebook.com%2Fphoto.php%3Ffbid%3D1510657963753112%26amp%3Bset%3Da.607146900770894%26amp%3Btype%3D3&#038;title=%09%09%09%23%20FROHE%20WEIHNACHTEN%20%23Wir%20w%C3%BCnschen%20Euch%20von%20Herzen%20wundersch%C3%B6ne%20Weihnachtsfeiertage%20und%20ein%20gl%C3%BCckliches%20und%20gesundes%20neues%20Jahr%2C%20mit%20viel%20Zeit%20f%C3%BCr%20die%20sch%C3%B6nen%20Dinge%20des%20Lebens%21DANKE%20f%C3%BCr%20die%20Bereicherung%2C%20die%20Ihr%20mit%20Euern%204-beinigen%20Freunden%20und%20Weggef%C3%A4hrten%20%F0%9F%90%B6%F0%9F%90%B1%F0%9F%90%AD%20jeden%20Tag%20zu%20uns%20in%20die%20Praxis%20bringt%20-%20f%C3%BCr%20jedes%20Problem%2C%20das%20wir%20gemeinsam%20angehen%2C%20f%C3%BCr%20jedes%20nette%20gesprochene%20und%20geschriebene%20Wort%21Wir%20sind%20gespannt%20und%20freuen%20uns%20auf%20Alles%2C%20was%20das%20neue%20Jahr%202026%20f%C3%BCr%20uns%20bereith%C3%A4lt...Um%20im%20Neuen%20Jahr%20wieder%20mit%20%26quot%3Bvollen%20Akkus%26quot%3B%20durchstarten%20zu%20k%C3%B6nnen%2C%20sind%20wir%20bis%20zum%2002.01.%20in%20den%20Ferien%20und%20ab%20dem%2005.01.%20wieder%20f%C3%BCr%20Euch%20und%20Eure%20Fellnasen%20im%20Einsatz%20%F0%9F%8D%80Das%20Team%20der%20Kleintierpraxis%20Rahden%09%09%09%09\" target=\"_blank\" rel=\"noopener noreferrer\" class=\"cff-linkedin-icon\">\n\t\t\t\t\t\t\t<span class=\"fa fab fa-linkedin\" aria-hidden=\"true\"><\/span>\n\t\t\t\t\t\t\t<span class=\"cff-screenreader\">Auf LinkedIn teilen<\/span>\n\t\t\t\t\t\t<\/a>\n\t\t\t\t\t\t\t\t\t\t\t<a href=\"mailto:?subject=Facebook&#038;body=https%3A%2F%2Fwww.facebook.com%2Fphoto.php%3Ffbid%3D1510657963753112%26amp%3Bset%3Da.607146900770894%26amp%3Btype%3D3%20-%20%0A%0A%09%0A%09%09%23%20FROHE%20WEIHNACHTEN%20%23Wir%20w%C3%BCnschen%20Euch%20von%20Herzen%20wundersch%C3%B6ne%20Weihnachtsfeiertage%20und%20ein%20gl%C3%BCckliches%20und%20gesundes%20neues%20Jahr%2C%20mit%20viel%20Zeit%20f%C3%BCr%20die%20sch%C3%B6nen%20Dinge%20des%20Lebens%21DANKE%20f%C3%BCr%20die%20Bereicherung%2C%20die%20Ihr%20mit%20Euern%204-beinigen%20Freunden%20und%20Weggef%C3%A4hrten%20%F0%9F%90%B6%F0%9F%90%B1%F0%9F%90%AD%20jeden%20Tag%20zu%20uns%20in%20die%20Praxis%20bringt%20-%20f%C3%BCr%20jedes%20Problem%2C%20das%20wir%20gemeinsam%20angehen%2C%20f%C3%BCr%20jedes%20nette%20gesprochene%20und%20geschriebene%20Wort%21Wir%20sind%20gespannt%20und%20freuen%20uns%20auf%20Alles%2C%20was%20das%20neue%20Jahr%202026%20f%C3%BCr%20uns%20bereith%C3%A4lt...Um%20im%20Neuen%20Jahr%20wieder%20mit%20%26quot%3Bvollen%20Akkus%26quot%3B%20durchstarten%20zu%20k%C3%B6nnen%2C%20sind%20wir%20bis%20zum%2002.01.%20in%20den%20Ferien%20und%20ab%20dem%2005.01.%20wieder%20f%C3%BCr%20Euch%20und%20Eure%20Fellnasen%20im%20Einsatz%20%F0%9F%8D%80Das%20Team%20der%20Kleintierpraxis%20Rahden%09%09%09%0A%09\" target=\"_blank\" rel=\"noopener noreferrer\" class=\"cff-email-icon\">\n\t\t\t\t\t\t\t<span class=\"fa fab fa-envelope\" aria-hidden=\"true\"><\/span>\n\t\t\t\t\t\t\t<span class=\"cff-screenreader\">Per E-Mail teilen<\/span>\n\t\t\t\t\t\t<\/a>\n\t\t\t\t\t\t\t\t\t<\/p>\n\t\t\t<\/div>\n\t\t\t<\/div>\n\t<\/div>\n\n\n\n<\/div><input class=\"cff-pag-url\" type=\"hidden\" data-locatornonce=\"3b09512c6b\" data-cff-shortcode=\"\" data-post-id=\"15\" data-feed-id=\"617261404992327\"><\/div><\/div><div class=\"cff-clear\"><\/div><\/div>\n<\/div>\n","protected":false},"excerpt":{"rendered":"<p>Liebe Besucher, wir hoffen unser Internet-Auftritt gef\u00e4llt Ihnen! Wir haben uns viel M\u00fche gegeben, Ihnen uns und unsere Arbeit ein wenig vorzustellen. Wir freuen uns immer \u00fcber ein Feedback und hoffen auch Sie in unserer Praxis im Herzen Rahdens einmal<span class=\"ellipsis\">&hellip;<\/span><\/p>\n<div class=\"read-more\"><a href=\"https:\/\/www.kleintierpraxis-rahden.de\/index.php\/tipps-news\/\">Weiterlesen \u203a<\/a><\/div>\n<p><!-- end of .read-more --><\/p>\n","protected":false},"author":1,"featured_media":0,"parent":0,"menu_order":5,"comment_status":"closed","ping_status":"closed","template":"sidebar-content-page.php","meta":{"ngg_post_thumbnail":0,"footnotes":""},"class_list":["post-15","page","type-page","status-publish","hentry"],"_links":{"self":[{"href":"https:\/\/www.kleintierpraxis-rahden.de\/index.php\/wp-json\/wp\/v2\/pages\/15","targetHints":{"allow":["GET"]}}],"collection":[{"href":"https:\/\/www.kleintierpraxis-rahden.de\/index.php\/wp-json\/wp\/v2\/pages"}],"about":[{"href":"https:\/\/www.kleintierpraxis-rahden.de\/index.php\/wp-json\/wp\/v2\/types\/page"}],"author":[{"embeddable":true,"href":"https:\/\/www.kleintierpraxis-rahden.de\/index.php\/wp-json\/wp\/v2\/users\/1"}],"replies":[{"embeddable":true,"href":"https:\/\/www.kleintierpraxis-rahden.de\/index.php\/wp-json\/wp\/v2\/comments?post=15"}],"version-history":[{"count":4,"href":"https:\/\/www.kleintierpraxis-rahden.de\/index.php\/wp-json\/wp\/v2\/pages\/15\/revisions"}],"predecessor-version":[{"id":6072,"href":"https:\/\/www.kleintierpraxis-rahden.de\/index.php\/wp-json\/wp\/v2\/pages\/15\/revisions\/6072"}],"wp:attachment":[{"href":"https:\/\/www.kleintierpraxis-rahden.de\/index.php\/wp-json\/wp\/v2\/media?parent=15"}],"curies":[{"name":"wp","href":"https:\/\/api.w.org\/{rel}","templated":true}]}}